{"id":15,"date":"2021-09-02T17:18:49","date_gmt":"2021-09-02T22:18:49","guid":{"rendered":"https:\/\/www.posgrado.unam.mx\/letras\/?page_id=15"},"modified":"2026-08-06T15:41:12","modified_gmt":"2026-08-06T20:41:12","slug":"comite-academico","status":"publish","type":"page","link":"https:\/\/posgrado.unam.mx\/letras\/comite-academico\/","title":{"rendered":"Comit\u00e9 Acad\u00e9mico"},"content":{"rendered":"\n<figure class=\"wp-block-gallery aligncenter has-nested-images columns-default is-cropped wp-block-gallery-1 is-layout-flex wp-block-gallery-is-layout-flex\">\n<figure class=\"wp-block-image size-large\"><img loading=\"lazy\" decoding=\"async\" width=\"1024\" height=\"309\" data-id=\"17\" src=\"https:\/\/posgrado.unam.mx\/letras\/wp-content\/uploads\/2021\/09\/El_retorno_de_Quetzalco\u0301atl_Chavez_Morado_Mural_fotCali-1024x309.jpg\" alt=\"\" class=\"wp-image-17\" srcset=\"https:\/\/posgrado.unam.mx\/letras\/wp-content\/uploads\/2021\/09\/El_retorno_de_Quetzalco\u0301atl_Chavez_Morado_Mural_fotCali-1024x309.jpg 1024w, https:\/\/posgrado.unam.mx\/letras\/wp-content\/uploads\/2021\/09\/El_retorno_de_Quetzalco\u0301atl_Chavez_Morado_Mural_fotCali-300x91.jpg 300w, https:\/\/posgrado.unam.mx\/letras\/wp-content\/uploads\/2021\/09\/El_retorno_de_Quetzalco\u0301atl_Chavez_Morado_Mural_fotCali-768x232.jpg 768w, https:\/\/posgrado.unam.mx\/letras\/wp-content\/uploads\/2021\/09\/El_retorno_de_Quetzalco\u0301atl_Chavez_Morado_Mural_fotCali-1536x464.jpg 1536w, https:\/\/posgrado.unam.mx\/letras\/wp-content\/uploads\/2021\/09\/El_retorno_de_Quetzalco\u0301atl_Chavez_Morado_Mural_fotCali-2048x619.jpg 2048w, https:\/\/posgrado.unam.mx\/letras\/wp-content\/uploads\/2021\/09\/El_retorno_de_Quetzalco\u0301atl_Chavez_Morado_Mural_fotCali-360x109.jpg 360w\" sizes=\"auto, (max-width: 1024px) 100vw, 1024px\" \/><figcaption class=\"wp-element-caption\">El retorno de Quetzalc\u00f3atl, 1952. Jos\u00e9 Ch\u00e1vez Morado. Antigua Facultad de Ciencias, UNAM.<\/figcaption><\/figure>\n<\/figure>\n\n\n\n<p>El Comit\u00e9 Acad\u00e9mico es la autoridad para la conducci\u00f3n y funcionamiento del programa. \u00c9se est\u00e1 constituido por dos representantes de cada campo de conocimiento, dos alumnos (uno de maestr\u00eda y otro de doctorado), el Coordinador del programa y los directores de las entidades participantes. Los representantes de tutores y alumnos son elegidos por votaci\u00f3n cada dos a\u00f1os.<\/p>\n\n\n\n<p>Entre las atribuciones y responsabilidades del Comit\u00e9 Acad\u00e9mico est\u00e1 el decidir sobre el ingreso de los alumnos en el programa, su permanencia en \u00e9l y la designaci\u00f3n de tutor y del jurado del examen de grado; aprobar la incorporaci\u00f3n de nuevos tutores; aprobar los programas de los cursos; proponer modificaciones a las normas operativas y al plan de estudios; dirimir diferencias acad\u00e9micas.<\/p>\n\n\n\n<p>El Coordinador, por tanto, es el portavoz de las decisiones tomadas por el Comit\u00e9 Acad\u00e9mico, y el interlocutor entre alumnos y profesores ante dicho Comit\u00e9.<\/p>\n\n\n\n<p>Los representantes de los alumnos son los encargados de transmitir al Comit\u00e9 Acad\u00e9mico cualquier sugerencia o comentario de los estudiantes en relaci\u00f3n con el programa de Letras.<\/p>\n\n\n\n<div style=\"height:50px\" aria-hidden=\"true\" class=\"wp-block-spacer\"><\/div>\n\n\n\n<h4 class=\"wp-block-heading has-text-align-center\"><strong><span class=\"has-inline-color has-dark-blue-color\">Integrantes del Comit\u00e9 Acad\u00e9mico<br>Programa de Maestr\u00eda y Doctorado en Letras<\/span><\/strong><\/h4>\n\n\n\n<div style=\"height:30px\" aria-hidden=\"true\" class=\"wp-block-spacer\"><\/div>\n\n\n\n<h4 class=\"wp-block-heading\">Dr. David Garc\u00eda P\u00e9rez<br>Coordinador<\/h4>\n\n\n\n<div style=\"height:20px\" aria-hidden=\"true\" class=\"wp-block-spacer\"><\/div>\n\n\n\n<figure class=\"wp-block-table is-style-stripes\"><table><tbody><tr><td class=\"has-text-align-left\" data-align=\"left\"><strong>Campo de conocimiento<\/strong><\/td><td class=\"has-text-align-left\" data-align=\"left\"><strong>Nombre<\/strong><\/td><td class=\"has-text-align-left\" data-align=\"left\"><strong>Nombre<\/strong><\/td><\/tr><tr><td class=\"has-text-align-left\" data-align=\"left\">Letras Cl\u00e1sicas<\/td><td class=\"has-text-align-left\" data-align=\"left\">Dra. Magda Raquel Barrag\u00e1n Aroche<\/td><td class=\"has-text-align-left\" data-align=\"left\">Dr. Javier Espino Mart\u00edn<\/td><\/tr><tr><td class=\"has-text-align-left\" data-align=\"left\">Letras Espa\u00f1olas<\/td><td class=\"has-text-align-left\" data-align=\"left\">Dra. Mar\u00eda Teresa Miaja Y de la Pe\u00f1a<\/td><td class=\"has-text-align-left\" data-align=\"left\">Dr. Hugo Enrique del Castillo Reyes<\/td><\/tr><tr><td class=\"has-text-align-left\" data-align=\"left\">Letras Latinoamericanas<\/td><td class=\"has-text-align-left\" data-align=\"left\">Dra. Tatiana Aguilar \u00c1lvarez Bay<\/td><td class=\"has-text-align-left\" data-align=\"left\">Dr. Rodolfo Mata Sandoval<\/td><\/tr><tr><td class=\"has-text-align-left\" data-align=\"left\">Letras Mexicanas<\/td><td class=\"has-text-align-left\" data-align=\"left\">Dra. Yanna Celina Hadatty Mora<\/td><td class=\"has-text-align-left\" data-align=\"left\">Dra. Pamela Vicente\u00f1o Bravo<\/td><\/tr><tr><td class=\"has-text-align-left\" data-align=\"left\">Letras Modernas<\/td><td class=\"has-text-align-left\" data-align=\"left\">Dra. Monique Landais Choimet<\/td><td class=\"has-text-align-left\" data-align=\"left\">Dra. Roc\u00edo Saucedo Dimas<\/td><\/tr><tr><td class=\"has-text-align-left\" data-align=\"left\">Literatura Comparada<\/td><td class=\"has-text-align-left\" data-align=\"left\">Dra. Adriana Mar\u00eda De Teresa Ochoa<\/td><td class=\"has-text-align-left\" data-align=\"left\"><\/td><\/tr><tr><td class=\"has-text-align-left\" data-align=\"left\">Alumnos de Doctorado<\/td><td class=\"has-text-align-left\" data-align=\"left\">Mtro. Mircea Gerardo Lavaniegos Solares<\/td><td class=\"has-text-align-left\" data-align=\"left\"><\/td><\/tr><tr><td class=\"has-text-align-left\" data-align=\"left\"><meta charset=\"utf-8\">Alumnos de Maestr\u00eda<\/td><td class=\"has-text-align-left\" data-align=\"left\">Lic. Juan Eduardo Oropeza Le\u00f3n<\/td><td class=\"has-text-align-left\" data-align=\"left\"><\/td><\/tr><tr><td class=\"has-text-align-left\" data-align=\"left\">Facultad de Filosof\u00eda y Letras<\/td><td class=\"has-text-align-left\" data-align=\"left\">Dra. Nair Mar\u00eda Anaya Ferreira<\/td><td class=\"has-text-align-left\" data-align=\"left\"><\/td><\/tr><tr><td class=\"has-text-align-left\" data-align=\"left\">Instituto de Investigaciones Filol\u00f3gicas<\/td><td class=\"has-text-align-left\" data-align=\"left\">Dra. Martha Irigoyen Troconis<\/td><td class=\"has-text-align-left\" data-align=\"left\"><\/td><\/tr><\/tbody><\/table><\/figure>\n\n\n\n<div style=\"height:30px\" aria-hidden=\"true\" class=\"wp-block-spacer\"><\/div>\n\n\n\n<p><em>&#8220;Las solicitudes para el Comit\u00e9 Acad\u00e9mico deben enviarse por correo electr\u00f3nico, a m\u00e1s tardar, el primer mi\u00e9rcoles de cada mes para ser revisadas en la reuni\u00f3n mensual.&#8221;<\/em><\/p>\n","protected":false},"excerpt":{"rendered":"<p>El Comit\u00e9 Acad\u00e9mico es la autoridad para la conducci\u00f3n y funcionamiento del programa. \u00c9se est\u00e1 constituido por dos representantes de cada campo de conocimiento, dos alumnos (uno de maestr\u00eda y <a href=\"https:\/\/posgrado.unam.mx\/letras\/comite-academico\/\" class=\"read-more\">Read More &#8230;<\/a><\/p>\n","protected":false},"author":1,"featured_media":0,"parent":0,"menu_order":0,"comment_status":"closed","ping_status":"closed","template":"","meta":{"footnotes":""},"class_list":["post-15","page","type-page","status-publish","hentry"],"_links":{"self":[{"href":"https:\/\/posgrado.unam.mx\/letras\/wp-json\/wp\/v2\/pages\/15","targetHints":{"allow":["GET"]}}],"collection":[{"href":"https:\/\/posgrado.unam.mx\/letras\/wp-json\/wp\/v2\/pages"}],"about":[{"href":"https:\/\/posgrado.unam.mx\/letras\/wp-json\/wp\/v2\/types\/page"}],"author":[{"embeddable":true,"href":"https:\/\/posgrado.unam.mx\/letras\/wp-json\/wp\/v2\/users\/1"}],"replies":[{"embeddable":true,"href":"https:\/\/posgrado.unam.mx\/letras\/wp-json\/wp\/v2\/comments?post=15"}],"version-history":[{"count":17,"href":"https:\/\/posgrado.unam.mx\/letras\/wp-json\/wp\/v2\/pages\/15\/revisions"}],"predecessor-version":[{"id":3164,"href":"https:\/\/posgrado.unam.mx\/letras\/wp-json\/wp\/v2\/pages\/15\/revisions\/3164"}],"wp:attachment":[{"href":"https:\/\/posgrado.unam.mx\/letras\/wp-json\/wp\/v2\/media?parent=15"}],"curies":[{"name":"wp","href":"https:\/\/api.w.org\/{rel}","templated":true}]}}